{"id":119,"date":"2022-03-14T05:13:52","date_gmt":"2022-03-14T05:13:52","guid":{"rendered":"https:\/\/prep.santaceciliadeaguilar.com\/?page_id=119"},"modified":"2024-09-09T15:54:40","modified_gmt":"2024-09-09T13:54:40","slug":"historia","status":"publish","type":"page","link":"https:\/\/santaceciliadeaguilar.com\/?page_id=119","title":{"rendered":"Historia"},"content":{"rendered":"\t\t<div data-elementor-type=\"wp-page\" data-elementor-id=\"119\" class=\"elementor elementor-119\">\n\t\t\t\t\t\t<section class=\"elementor-section elementor-top-section elementor-element elementor-element-7a73d50 elementor-section-boxed elementor-section-height-default elementor-section-height-default\" data-id=\"7a73d50\" data-element_type=\"section\" data-settings=\"{&quot;background_background&quot;:&quot;classic&quot;}\">\n\t\t\t\t\t\t\t<div class=\"elementor-background-overlay\"><\/div>\n\t\t\t\t\t\t\t<div class=\"elementor-container elementor-column-gap-default\">\n\t\t\t\t\t<div class=\"elementor-column elementor-col-100 elementor-top-column elementor-element elementor-element-a616d73\" data-id=\"a616d73\" data-element_type=\"column\">\n\t\t\t<div class=\"elementor-widget-wrap elementor-element-populated\">\n\t\t\t\t\t\t<div class=\"elementor-element elementor-element-9240651 elementor-widget elementor-widget-heading\" data-id=\"9240651\" data-element_type=\"widget\" data-widget_type=\"heading.default\">\n\t\t\t\t<div class=\"elementor-widget-container\">\n\t\t\t\t\t<h1 class=\"elementor-heading-title elementor-size-default\">Nuestra Historia<\/h1>\t\t\t\t<\/div>\n\t\t\t\t<\/div>\n\t\t\t\t\t<\/div>\n\t\t<\/div>\n\t\t\t\t\t<\/div>\n\t\t<\/section>\n\t\t\t\t<section class=\"elementor-section elementor-top-section elementor-element elementor-element-6157edf elementor-section-boxed elementor-section-height-default elementor-section-height-default elementor-invisible\" data-id=\"6157edf\" data-element_type=\"section\" data-settings=\"{&quot;animation&quot;:&quot;fadeInUp&quot;}\">\n\t\t\t\t\t\t<div class=\"elementor-container elementor-column-gap-default\">\n\t\t\t\t\t<div class=\"elementor-column elementor-col-100 elementor-top-column elementor-element elementor-element-91c0162\" data-id=\"91c0162\" data-element_type=\"column\">\n\t\t\t<div class=\"elementor-widget-wrap elementor-element-populated\">\n\t\t\t\t\t\t<div class=\"elementor-element elementor-element-a22384a elementor-widget elementor-widget-text-editor\" data-id=\"a22384a\" data-element_type=\"widget\" data-widget_type=\"text-editor.default\">\n\t\t\t\t<div class=\"elementor-widget-container\">\n\t\t\t\t\t\t\t\t\t<p style=\"text-align: center;\"><b><img decoding=\"async\" src=\"https:\/\/prep.santaceciliadeaguilar.com\/wp-content\/uploads\/2022\/07\/history-svgrepo-com.svg\" alt=\"\" width=\"40\"><\/b><\/p>\n<p>La <b>Agrupaci\u00f3n Musical Santa Cecilia<\/b>, nace en <b>Noviembre<\/b> del A\u00f1o <b>2005<\/b>&nbsp;<span style=\"background-color: var(--background-color); color: var(--primarycolor); font-family: var(--fontFamily); font-size: var(--fontSize); font-style: var(--fontStyle,inherit); font-weight: var(--fontWeight,normal); letter-spacing: var(--letterSpacing); text-transform: var(--textTransform);\">bajo el seno de la Asociaci\u00f3n M\u00fasico-Cultural del mismo nombre. E nuestros&nbsp;<\/span><span style=\"background-color: var(--background-color); color: var(--primarycolor); font-family: var(--fontFamily); font-size: var(--fontSize); font-style: var(--fontStyle,inherit); font-weight: var(--fontWeight,normal); letter-spacing: var(--letterSpacing); text-transform: var(--textTransform);\">inicios cont\u00e1bamos con aproximadamente unos&nbsp;<\/span><span style=\"background-color: var(--background-color); color: var(--primarycolor); font-family: var(--fontFamily); font-size: var(--fontSize); font-style: var(--fontStyle,inherit); letter-spacing: var(--letterSpacing); text-transform: var(--textTransform);\"><b>40<\/b><\/span><span style=\"background-color: var(--background-color); color: var(--primarycolor); font-family: var(--fontFamily); font-size: var(--fontSize); font-style: var(--fontStyle,inherit); font-weight: var(--fontWeight,normal); letter-spacing: var(--letterSpacing); text-transform: var(--textTransform);\"> miembros, doblando y superando esa cantidad en la actualidad con unos&nbsp;<\/span><span style=\"background-color: var(--background-color); color: var(--primarycolor); font-family: var(--fontFamily); font-size: var(--fontSize); font-style: var(--fontStyle,inherit); letter-spacing: var(--letterSpacing); text-transform: var(--textTransform);\"><b>100<\/b><\/span><span style=\"background-color: var(--background-color); color: var(--primarycolor); font-family: var(--fontFamily); font-size: var(--fontSize); font-style: var(--fontStyle,inherit); font-weight: var(--fontWeight,normal); letter-spacing: var(--letterSpacing); text-transform: var(--textTransform);\">&nbsp;<\/span><span style=\"background-color: var(--background-color); color: var(--primarycolor); font-family: var(--fontFamily); font-size: var(--fontSize); font-style: var(--fontStyle,inherit); font-weight: var(--fontWeight,normal); letter-spacing: var(--letterSpacing); text-transform: var(--textTransform);\">componentes.<\/span><\/p>\n<p>Contamos con una escuela de m\u00fasica en la cual se forma tanto&nbsp;<span style=\"background-color: var(--background-color); color: var(--primarycolor); font-family: var(--fontFamily); font-size: var(--fontSize); font-style: var(--fontStyle,inherit); font-weight: var(--fontWeight,normal); letter-spacing: var(--letterSpacing); text-transform: var(--textTransform);\">a los nuevos componentes como al resto con clases te\u00f3ricas y pr\u00e1cticas de&nbsp;<\/span><span style=\"background-color: var(--background-color); color: var(--primarycolor); font-family: var(--fontFamily); font-size: var(--fontSize); font-style: var(--fontStyle,inherit); font-weight: var(--fontWeight,normal); letter-spacing: var(--letterSpacing); text-transform: var(--textTransform);\">solfeo e iniciaci\u00f3n en la m\u00fasica.<\/span><\/p>\n<p>En nuestra corta pero intensa historia, contamos con hechos importantes&nbsp;<span style=\"background-color: var(--background-color); color: var(--primarycolor); font-family: var(--fontFamily); font-size: var(--fontSize); font-style: var(--fontStyle,inherit); font-weight: var(--fontWeight,normal); letter-spacing: var(--letterSpacing); text-transform: var(--textTransform);\">tales como:<\/span><\/p>\n<ul>\n<li>Hermanamiento con la Banda de Cornetas y Tambores Nuestra Se\u00f1ora de la Salud de C\u00f3rdoba. <b>(2007)<\/b><\/li>\n<li>Apadrinamiento por parte de la Agrupaci\u00f3n Musical Ntro. Padre Jes\u00fas de la Pasi\u00f3n de Linares. <b>(2008)<\/b><\/li>\n<li>Actuaci\u00f3n en la muestra Cofrade MUNARCO de Sevilla. <b>(2007)<\/b><\/li>\n<li>Actuaci\u00f3n en la Cl\u00e1mide P\u00farpura C\u00f3rdoba. <b>(2007)<\/b><\/li>\n<li>Apadrinamiento de la Agrupaci\u00f3n Musical Santo \u00c1ngel Custodio de Rute. <b>(2010)<\/b><\/li>\n<li>Certamen de la Trabajadera en Diputaci\u00f3n de C\u00f3rdoba.&nbsp;<b>(2007, 2011 y 2014)<\/b><\/li>\n<li>Participaci\u00f3n en la Semana Santa de Almer\u00eda y C\u00f3rdoba Capital. <b>(2011, 2012, 2019, 2022)<\/b><\/li>\n<li>Presentaci\u00f3n nuevo uniforme en Marzo <b>2013<\/b>.<\/li>\n<li>Participaci\u00f3n en el proyecto \u201corigen\u201d en el cual la agrupaci\u00f3n grab\u00f3 la marcha <b>\u201cEterna Agon\u00eda\u201d<\/b> de composici\u00f3n propia de Rub\u00e9n Melgarejo Toscano.&nbsp;<b>(2013)<\/b><\/li>\n<li>Celebraci\u00f3n X Aniversario (a\u00f1o 2015-16)<\/li>\n<li>Hermanamiento Agrupaci\u00f3n Musical Jes\u00fas Cautivo de Alcaudete. <b>(2017)<\/b><\/li>\n<li>Presentaci\u00f3n Primer Trabajo discogr\u00e1fico en <b>noviembre<\/b> de <b>2017<\/b>, bajo el t\u00edtulo <b>\u201cA ti me encomiendo\u201d.<\/b> El CD se ha grabado en los estudios <b>\u201cAlta Frecuencia\u201d <\/b>de Sevilla, bajo la supervisi\u00f3n del t\u00e9cnico <b>Adolfo Castilla<\/b> y nuestra direcci\u00f3n musical. Incluye <b>17<\/b> pistas de las cuales <b>9<\/b> son marchas grabadas en estudio y <b>8<\/b> marchas grabadas en directo durante la semana santa de <b>2017<\/b>.<\/li>\n<li>Presentaci\u00f3n nueva bandera <b>Marzo<\/b> <b>2019<\/b>.<\/li>\n<li>Acompa\u00f1amiento al Sant\u00edsimo Cristo de las Penas de Santiago de C\u00f3rdoba en la vuelta de la Exposici\u00f3n Magna celebrada en <b>septiembre<\/b> de <b>2019<\/b>.<\/li>\n<li>Procesi\u00f3n extraordinaria Cristo del Calvario de Aguilar, <b>Octubre<\/b> <b>2019<\/b>.<\/li>\n<li>Participaci\u00f3n en el programa Paso a Paso de Canal sur Radio en <b>Febrero<\/b> de <b>2020<\/b><\/li>\n<\/ul>\n<div>\n<div><span style=\"letter-spacing: 0.1px;\">Los acompa\u00f1amientos musicales de la Semana Santa 2025 son los<\/span><\/div>\n<div><span style=\"letter-spacing: 0.1px;\">siguientes:<\/span><\/div>\n<ul>\n<li><span style=\"letter-spacing: 0.1px;\">Madrugada de Ramos: Hermandad de las Penas de Puente Genil&nbsp;<\/span>(C\u00f3rdoba).<\/li>\n<li>Domingo de Ramos: Hermandad Salesiana y Cofrad\u00eda del Sant\u00edsimo Cristo de la Juventud, en su Presentaci\u00f3n al pueblo, Nuestra Madre Maria de Nazaret y San Juan Bosco de Montilla (C\u00f3rdoba).<\/li>\n<li>Lunes Santo: Hermandad Calvario y Rosario de Cabra (C\u00f3rdoba).<\/li>\n<li>Martes Santo: Muy Humilde Hermandad y Cofrad\u00eda Sacramental del Sant\u00edsimo Cuerpo y Sangre de Cristo y Ntro. Padre Jes\u00fas de la Oraci\u00f3n en el Huerto de Moriles (<span style=\"letter-spacing: 0.1px;\">C\u00f3rdoba).<\/span><\/li>\n<li>Jueves Santo: Real Cofrad\u00eda de Penitencia y Hermandad Salesiana del Sant\u00edsimo Cristo de la Redenci\u00f3n y Nuestra Se\u00f1ora de la Salud (Granada).<\/li>\n<li>S\u00e1bado Santo: Hermandad Santo Entierro de Aguadulce (Sevilla).<\/li>\n<li>Domingo de Resurrecci\u00f3n: Ntra. Sra. de la Antigua de Aguilar de la Frontera (C\u00f3rdoba).<\/li>\n<\/ul>\n<div>\n<div><span style=\"letter-spacing: 0.1px;\">La Direcci\u00f3n de la Agrupaci\u00f3n esta compuerta por:<\/span><\/div>\n<ul>\n<li><span style=\"letter-spacing: 0.1px;\">Miguel \u00c1ngel Cabezas Zurera <b>(Presidente de la Asociaci\u00f3n)<\/b><\/span><\/li>\n<li>Rafael Pizarro Trujillo <b>(Director de la Agrupaci\u00f3n)<\/b><\/li>\n<li>Rub\u00e9n Melgarejo Toscano <b>(Direcci\u00f3n Musical)<\/b>&nbsp;<span style=\"letter-spacing: normal; text-align: center;\">Muy Humilde Hermandad y Cofrad\u00eda Sacramental del Sant\u00edsimo Cuerpo y Sangre de Cristo y Ntro. Padre Jes\u00fas de la Oraci\u00f3n en el Huerto<\/span><span style=\"letter-spacing: normal; text-align: center;\">Real Cofrad\u00eda de Penitencia y Hermandad Salesiana del Sant\u00edsimo Cristo de la Redenci\u00f3n y Nuestra Se\u00f1ora de la Salud<\/span><\/li>\n<\/ul>\n<\/div>\n<\/div>\t\t\t\t\t\t\t\t<\/div>\n\t\t\t\t<\/div>\n\t\t\t\t\t<\/div>\n\t\t<\/div>\n\t\t\t\t\t<\/div>\n\t\t<\/section>\n\t\t\t\t<\/div>\n\t\t","protected":false},"excerpt":{"rendered":"<p>Nuestra Historia La Agrupaci\u00f3n Musical Santa Cecilia, nace en Noviembre del A\u00f1o 2005&nbsp;bajo el seno de la Asociaci\u00f3n M\u00fasico-Cultural del mismo nombre. E nuestros&nbsp;inicios cont\u00e1bamos con aproximadamente unos&nbsp;40 miembros, doblando [&hellip;]<\/p>\n","protected":false},"author":1,"featured_media":0,"parent":0,"menu_order":0,"comment_status":"closed","ping_status":"closed","template":"elementor_header_footer","meta":{"_joinchat":[],"footnotes":""},"class_list":["post-119","page","type-page","status-publish","hentry","rishi-post","no-post-thumbnail"],"rishi__cb_customizer_meta":"","_links":{"self":[{"href":"https:\/\/santaceciliadeaguilar.com\/index.php?rest_route=\/wp\/v2\/pages\/119","targetHints":{"allow":["GET"]}}],"collection":[{"href":"https:\/\/santaceciliadeaguilar.com\/index.php?rest_route=\/wp\/v2\/pages"}],"about":[{"href":"https:\/\/santaceciliadeaguilar.com\/index.php?rest_route=\/wp\/v2\/types\/page"}],"author":[{"embeddable":true,"href":"https:\/\/santaceciliadeaguilar.com\/index.php?rest_route=\/wp\/v2\/users\/1"}],"replies":[{"embeddable":true,"href":"https:\/\/santaceciliadeaguilar.com\/index.php?rest_route=%2Fwp%2Fv2%2Fcomments&post=119"}],"version-history":[{"count":37,"href":"https:\/\/santaceciliadeaguilar.com\/index.php?rest_route=\/wp\/v2\/pages\/119\/revisions"}],"predecessor-version":[{"id":1821,"href":"https:\/\/santaceciliadeaguilar.com\/index.php?rest_route=\/wp\/v2\/pages\/119\/revisions\/1821"}],"wp:attachment":[{"href":"https:\/\/santaceciliadeaguilar.com\/index.php?rest_route=%2Fwp%2Fv2%2Fmedia&parent=119"}],"curies":[{"name":"wp","href":"https:\/\/api.w.org\/{rel}","templated":true}]}}